{"id":386,"date":"2020-02-17T17:04:40","date_gmt":"2020-02-17T17:04:40","guid":{"rendered":"http:\/\/luetzschenaer-kuenstlerkreis.de\/?page_id=386"},"modified":"2020-07-10T13:46:09","modified_gmt":"2020-07-10T13:46:09","slug":"helga-mattern","status":"publish","type":"page","link":"https:\/\/luetzschenaer-kuenstlerkreis.de\/?page_id=386","title":{"rendered":"Helga Mattern"},"content":{"rendered":"\n<div class=\"wp-block-media-text alignwide is-vertically-aligned-top\" style=\"grid-template-columns:30% auto\"><figure class=\"wp-block-media-text__media\"><img loading=\"lazy\" decoding=\"async\" width=\"718\" height=\"1024\" src=\"https:\/\/luetzschenaer-kuenstlerkreis.de\/wp-content\/uploads\/2019\/03\/Helga-Mattern-Portrait-010-2009-sw-718x1024.jpg\" alt=\"\" class=\"wp-image-145\" srcset=\"https:\/\/luetzschenaer-kuenstlerkreis.de\/wp-content\/uploads\/2019\/03\/Helga-Mattern-Portrait-010-2009-sw-718x1024.jpg 718w, https:\/\/luetzschenaer-kuenstlerkreis.de\/wp-content\/uploads\/2019\/03\/Helga-Mattern-Portrait-010-2009-sw-210x300.jpg 210w, https:\/\/luetzschenaer-kuenstlerkreis.de\/wp-content\/uploads\/2019\/03\/Helga-Mattern-Portrait-010-2009-sw-768x1095.jpg 768w, https:\/\/luetzschenaer-kuenstlerkreis.de\/wp-content\/uploads\/2019\/03\/Helga-Mattern-Portrait-010-2009-sw.jpg 1181w\" sizes=\"auto, (max-width: 718px) 100vw, 718px\" \/><\/figure><div class=\"wp-block-media-text__content\">\n<p>K\u00fcnstlers Hut<br>Fl\u00f6he!&#8230;.. Dort sitzen sie!<br>Schau nur!&#8230;.. Da flitzen sie!<br>Kaum zu b\u00e4ndigen, die wilde Jagd&#8230;..<br>H\u00f6rst du sie lachen?<br>Gedankenfl\u00f6he.<br>Wozu sonst braucht der K\u00fcnstler seinen Hut&#8230;..<\/p>\n<\/div><\/div>\n\n\n<p>lebt seit 1951<br \/>beendet 1970\u00a0 ihre Lehre als M\u00f6beltischler mit Abitur<br \/>\u00a0 \u00a0 \u00a0 \u00a0 \u00a0 \u00a0 \u00a0 \u00a0 1975\u00a0 ihr Studium als Dipl.-Ing. f\u00fcr Holztechnik<br \/>arbeitet als Technologe in der Piano- und M\u00f6belproduktion<br \/>entwickelt Forschungsmodelle und Holzspielzeuge f\u00fcr medizinische Zwecke<br \/>schlie\u00dft Zusatzausbildungen in BWL und Marketing ab<br \/>f\u00fchrt 1998 ihre Passionen, Erfahrungen und K\u00f6nnen auf freiberuflicher Ebene zusammen<br \/>sch\u00e4tzt Offenheit, Ehrlichkeit, Mitgef\u00fchl und selbstst\u00e4ndiges Denken<br \/>altert hoffentlich langsam<\/p>\n<p>Die Leipziger K\u00fcnstlerin, die auf Umwegen zur Kunst kam und seitdem als \u00fcberzeugter Autodidakt ihren Werken \u00d6ffentlichkeit verleiht, will anregen, aufregen, erregen.<br \/>Durch die Verbindung so widerspr\u00fcchlicher Stoffe wie Holz mit Messing, Filz mit Blei, Knochen mit Samt, Styropor mit B\u00fcchsenblech &#8230;kann sie sehr eigenwillige und eigenst\u00e4ndige Wirkungen hervorrufen.<br \/>Das Eigenleben, das diese Materialien entwickeln, ist eine gro\u00dfe Herausforderung nicht nur an die k\u00fcnstlerische Intuition, sondern auch an das fachliche K\u00f6nnen der Materialk\u00fcnstlerin. Ihre Vision von einem Objekt muss stets von den starken sinnlichen und sinnpr\u00e4genden Eigenschaften der von ihr eingesetzten Stoffe durchdrungen sein.<br \/>Abweichend vom Trend zur Wegwerf-Kunst setzt sie auf noble, aufw\u00e4ndige Verarbeitung ihrer vielf\u00e4ltigen Materialien.<br \/>Ihre Werke sollen sinnhaft und sinnlich, (an)fassbar, kraftvoll und vielschichtig wie das Leben sein.<\/p>\n<p><strong>Einzelausstellungen (u.a.)<\/strong><br \/>Regierungspr\u00e4sidium zu Leipzig<br \/>IHK Leipzig<br \/>Barmer EK (Er\u00f6ffnung der neuen Zentrale)<br \/>Daetz-Centrum Lichtstein<br \/>&#8222;Kunst im Rathaus&#8220; Panitzsch\/Borsdorf<br \/>GERLING &#8211; Galerie Leipzig<br \/>Galerie Herzzentrum Leipzig<\/p>\n<p><strong>Beteiligungen (u.a.)<\/strong><br \/>Daetz-Centrum Lichtenstein (mehrfach)<br \/>Messe &#8222;Cadeaux\/Midora&#8220; (mehrfach)<br \/>Ausstellungen des &#8222;L\u00fctzschenaer K\u00fcnstlerkreises&#8220;<br \/>Europ\u00e4ischer Gestaltungspreis f\u00fcr Holzbildhauer<br \/>&#8222;Villa Esche&#8220; Chemnitz<br \/>Kunstsymposium Burg Frauenstein<\/p>\n<p><strong>Kontakt<\/strong><br \/>Helga Mattern<br \/>Oeserstra\u00dfe 22, 04229 Leipzig<\/p>\n\n\n<p class=\"has-normal-font-size\"><br><\/p>\n","protected":false},"excerpt":{"rendered":"<p>K\u00fcnstlers HutFl\u00f6he!&#8230;.. Dort sitzen sie!Schau nur!&#8230;.. Da flitzen sie!Kaum zu b\u00e4ndigen, die wilde Jagd&#8230;..H\u00f6rst du sie lachen?Gedankenfl\u00f6he.Wozu sonst braucht der K\u00fcnstler seinen Hut&#8230;.. lebt seit 1951beendet 1970\u00a0 ihre Lehre als M\u00f6beltischler mit Abitur\u00a0 \u00a0 \u00a0 \u00a0 \u00a0 \u00a0 \u00a0 \u00a0 1975\u00a0 ihr Studium als Dipl.-Ing. f\u00fcr Holztechnikarbeitet als Technologe in der Piano- und M\u00f6belproduktionentwickelt Forschungsmodelle [&hellip;]<\/p>\n","protected":false},"author":1,"featured_media":0,"parent":0,"menu_order":0,"comment_status":"closed","ping_status":"closed","template":"","meta":{"footnotes":""},"class_list":["post-386","page","type-page","status-publish","hentry"],"_links":{"self":[{"href":"https:\/\/luetzschenaer-kuenstlerkreis.de\/index.php?rest_route=\/wp\/v2\/pages\/386","targetHints":{"allow":["GET"]}}],"collection":[{"href":"https:\/\/luetzschenaer-kuenstlerkreis.de\/index.php?rest_route=\/wp\/v2\/pages"}],"about":[{"href":"https:\/\/luetzschenaer-kuenstlerkreis.de\/index.php?rest_route=\/wp\/v2\/types\/page"}],"author":[{"embeddable":true,"href":"https:\/\/luetzschenaer-kuenstlerkreis.de\/index.php?rest_route=\/wp\/v2\/users\/1"}],"replies":[{"embeddable":true,"href":"https:\/\/luetzschenaer-kuenstlerkreis.de\/index.php?rest_route=%2Fwp%2Fv2%2Fcomments&post=386"}],"version-history":[{"count":5,"href":"https:\/\/luetzschenaer-kuenstlerkreis.de\/index.php?rest_route=\/wp\/v2\/pages\/386\/revisions"}],"predecessor-version":[{"id":826,"href":"https:\/\/luetzschenaer-kuenstlerkreis.de\/index.php?rest_route=\/wp\/v2\/pages\/386\/revisions\/826"}],"wp:attachment":[{"href":"https:\/\/luetzschenaer-kuenstlerkreis.de\/index.php?rest_route=%2Fwp%2Fv2%2Fmedia&parent=386"}],"curies":[{"name":"wp","href":"https:\/\/api.w.org\/{rel}","templated":true}]}}