{"id":395,"date":"2020-02-17T17:16:23","date_gmt":"2020-02-17T17:16:23","guid":{"rendered":"http:\/\/luetzschenaer-kuenstlerkreis.de\/?page_id=395"},"modified":"2025-08-15T16:45:08","modified_gmt":"2025-08-15T16:45:08","slug":"andreas-mocker","status":"publish","type":"page","link":"https:\/\/luetzschenaer-kuenstlerkreis.de\/?page_id=395","title":{"rendered":"Andreas Mocker"},"content":{"rendered":"\n<figure class=\"wp-block-image size-large is-resized\"><img loading=\"lazy\" decoding=\"async\" width=\"844\" height=\"1004\" src=\"https:\/\/luetzschenaer-kuenstlerkreis.de\/wp-content\/uploads\/2019\/04\/MockerAndreas-e1556527804942.jpg\" alt=\"\" class=\"wp-image-224\" style=\"width:200px\" srcset=\"https:\/\/luetzschenaer-kuenstlerkreis.de\/wp-content\/uploads\/2019\/04\/MockerAndreas-e1556527804942.jpg 844w, https:\/\/luetzschenaer-kuenstlerkreis.de\/wp-content\/uploads\/2019\/04\/MockerAndreas-e1556527804942-252x300.jpg 252w, https:\/\/luetzschenaer-kuenstlerkreis.de\/wp-content\/uploads\/2019\/04\/MockerAndreas-e1556527804942-768x914.jpg 768w\" sizes=\"auto, (max-width: 844px) 100vw, 844px\" \/><\/figure>\n\n\n<p>1953\u00a0\u00a0\u00a0\u00a0\u00a0\u00a0\u00a0\u00a0\u00a0 in Leipzig geboren<br \/>1972\u00a0\u00a0\u00a0\u00a0\u00a0\u00a0\u00a0\u00a0\u00a0 Abitur<br \/>\u00a0 \u00a0 \u00a0 \u00a0 \u00a0 \u00a0 \u00a0 \u00a0 \u00a0 \u00a0in der Schulzeit erste Zeichnungen und Radierungen<br \/>1974\u00a0\u00a0\u00a0\u00a0\u00a0\u00a0\u00a0\u00a0\u00a0 Lehre als Schriftsetzer<br \/>1990\u00a0\u00a0\u00a0\u00a0\u00a0\u00a0\u00a0\u00a0\u00a0 Ausbildung zum Drucker<br \/>1991-2015\u00a0 besch\u00e4ftigt als Schichtleiter in der Druckerei der Leipziger Verlags- und Druckereigesellschaft mbH &amp; Co. KG<br \/>Es sind zwei Talente, die er zu bedienen hat: die Malerei und die Musik. Allen Einfl\u00fcssen des t\u00e4glichen Lebens gegen\u00fcber offen zu sein, egal welcher Natur sie sind, ist ein Grundsatz, aus dem sich sein Interesse f\u00fcr die verschiedensten Bereiche der Kunst entwickelt hat. Daraus resultiert schon fr\u00fch seine Freude an immer neuen, eigenen Versuchen in der Malerei und im Musizieren.<br \/>In der Malerei haben sich zwei unterschiedliche Genres herausgebildet: Da sind zum einen Stilleben und Landschaften in der \u00d6lmalerei, deren Anf\u00e4nge bis in seine Lehrzeit zur\u00fcckgehen, zum anderen Portraits von popul\u00e4ren Musikern der Rock-, Blues- und Jazzszene, beginnend in den neunziger Jahren. Eine Rarit\u00e4t, wenn es ihm gelungen ist, ein Autogramm der Prominenten auf das Original zu erhalten.<br \/>&#8222;Wenn sich nach Fertigstellung eines Bildes oder eines Liedes dieses angenehme Gef\u00fchl der Zufriedenheit einstellt, dann hat sich der Zeitaufwand gelohnt.&#8220;<\/p>\n<p><strong>Ausstellungen<\/strong><br \/>1994 \u00a0 \u00a0 \u00a0 \u00a0 \u00a0 \u00a0 \u00a0\u00a0 Landschaftsbilder und Stilleben, Salon ,,Groschopp\u201d; <br \/>1997 \u00a0 \u00a0 \u00a0 \u00a0 \u00a0 \u00a0 \u00a0\u00a0 Rock-Portr\u00e4ts, Friedenskirche Gohlis; <br \/>2003-2024\u00a0 \u00a0 jeweils Ausstellungen in der Auengalerie L\u00fctzschena<br \/>\u00a0 \u00a0 \u00a0 \u00a0 \u00a0 \u00a0 \u00a0 \u00a0 \u00a0 \u00a0 \u00a0 \u00a0 mit Rock-Portr\u00e4ts, Landschaften und Stillleben; <br \/>2005\/2014\u00a0 Schlo\u00dfkirche Panitzsch; <br \/>2006\/2013\u00a0 Schlo\u00df Altranst\u00e4dt; <br \/>2006 \u00a0 \u00a0 \u00a0 \u00a0 \u00a0 \u00a0 \u00a0 Auwaldstation L\u00fctzschena; <br \/>2007 \u00a0 \u00a0 \u00a0 \u00a0 \u00a0 \u00a0 \u00a0\u00a0 ,,Cafe esprit\u201d Taucha, ,,memories in rock I\u201d; <br \/>2007 \u00a0 \u00a0 \u00a0 \u00a0 \u00a0 \u00a0 \u00a0\u00a0 Galerie \u201cKugel\u201d Naunhof; Rathaus Wiederitzsch; <br \/>2007 \u00a0 \u00a0 \u00a0 \u00a0 \u00a0 \u00a0 \u00a0\u00a0 ,,Runde Ecke ,,Kunst im Lesesaal\u201d; <br \/>2008 \u00a0 \u00a0 \u00a0 \u00a0 \u00a0 \u00a0 \u00a0 IHK Leipzig; ,,Cafe esprit\u201d Taucha, ,,memories in rock II\u201d; T\u00dcV Stahmeln; <br \/>2008 \u00a0 \u00a0 \u00a0 \u00a0 \u00a0 \u00a0 \u00a0 Berlitz Sprachschule Leipzig, <br \/>2009 \u00a0 \u00a0 \u00a0 \u00a0 \u00a0 \u00a0 \u00a0 Rockportr\u00e4ts ,,Pension Sonnenschein\u201d Leipzig<br \/>2009 \u00a0 \u00a0 \u00a0 \u00a0 \u00a0 \u00a0 \u00a0 ,,Cafe esprit\u201d Taucha, ,,memories in rock III\u201d. <br \/>2010 \u00a0 \u00a0 \u00a0 \u00a0 \u00a0 \u00a0 \u00a0 Westphalsches Haus (mit L\u00fctzschenaer K\u00fcnstlerkreis); <br \/>2010 \u00a0 \u00a0 \u00a0 \u00a0 \u00a0 \u00a0\u00a0 ,,Nacht der Kunst\u201d Pittlerstra\u00dfe\/Wahren <br \/>2010 \u00a0 \u00a0 \u00a0 \u00a0 \u00a0 \u00a0\u00a0 ,,St. Nicolai Cottbus\u201d Rockportr\u00e4ts;<br \/>2012 \u00a0 \u00a0 \u00a0 \u00a0 \u00a0 \u00a0\u00a0 Art Kapella ,,R\u00fcckblick\u201d;<br \/>2013 \u00a0 \u00a0 \u00a0 \u00a0 \u00a0 \u00a0\u00a0 Portr\u00e4ts und Stillleben bei ,,Cherier\u201d <br \/>2015 \u00a0 \u00a0 \u00a0 \u00a0 \u00a0 \u00a0\u00a0 Art Kapella, Gemeinschaftsausstellung mit L\u00fctzschenaer K\u00fcnstlerkreis<br \/>2015 \u00a0 \u00a0 \u00a0 \u00a0 \u00a0 \u00a0\u00a0 Klosterkirche Grimma \u201eArt of Rock\u201c<br \/>2016 \u00a0 \u00a0 \u00a0 \u00a0 \u00a0 \u00a0\u00a0 Klosterkirche Grimma Landschaften\/Stillleben<br \/>Nacht der Kunst &#8211; alle Jahre<\/p>\n<p><strong>Kontakt<\/strong><br \/>Andreas Mocker<br \/>\u00c4u\u00dfere Raustra\u00dfe 22 a, 04158 Leipzig<br \/>Tel. 0341\/4620255<br \/>www.rocksigniert.de<br \/>Instagram: andreasmocker<br \/>Mail: andreasmocker@rocksigniert.de<\/p>","protected":false},"excerpt":{"rendered":"<p>1953\u00a0\u00a0\u00a0\u00a0\u00a0\u00a0\u00a0\u00a0\u00a0 in Leipzig geboren1972\u00a0\u00a0\u00a0\u00a0\u00a0\u00a0\u00a0\u00a0\u00a0 Abitur\u00a0 \u00a0 \u00a0 \u00a0 \u00a0 \u00a0 \u00a0 \u00a0 \u00a0 \u00a0in der Schulzeit erste Zeichnungen und Radierungen1974\u00a0\u00a0\u00a0\u00a0\u00a0\u00a0\u00a0\u00a0\u00a0 Lehre als Schriftsetzer1990\u00a0\u00a0\u00a0\u00a0\u00a0\u00a0\u00a0\u00a0\u00a0 Ausbildung zum Drucker1991-2015\u00a0 besch\u00e4ftigt als Schichtleiter in der Druckerei der Leipziger Verlags- und Druckereigesellschaft mbH &amp; Co. KGEs sind zwei Talente, die er zu bedienen hat: die Malerei und die Musik. Allen [&hellip;]<\/p>\n","protected":false},"author":1,"featured_media":0,"parent":0,"menu_order":0,"comment_status":"closed","ping_status":"closed","template":"","meta":{"footnotes":""},"class_list":["post-395","page","type-page","status-publish","hentry"],"_links":{"self":[{"href":"https:\/\/luetzschenaer-kuenstlerkreis.de\/index.php?rest_route=\/wp\/v2\/pages\/395","targetHints":{"allow":["GET"]}}],"collection":[{"href":"https:\/\/luetzschenaer-kuenstlerkreis.de\/index.php?rest_route=\/wp\/v2\/pages"}],"about":[{"href":"https:\/\/luetzschenaer-kuenstlerkreis.de\/index.php?rest_route=\/wp\/v2\/types\/page"}],"author":[{"embeddable":true,"href":"https:\/\/luetzschenaer-kuenstlerkreis.de\/index.php?rest_route=\/wp\/v2\/users\/1"}],"replies":[{"embeddable":true,"href":"https:\/\/luetzschenaer-kuenstlerkreis.de\/index.php?rest_route=%2Fwp%2Fv2%2Fcomments&post=395"}],"version-history":[{"count":9,"href":"https:\/\/luetzschenaer-kuenstlerkreis.de\/index.php?rest_route=\/wp\/v2\/pages\/395\/revisions"}],"predecessor-version":[{"id":1433,"href":"https:\/\/luetzschenaer-kuenstlerkreis.de\/index.php?rest_route=\/wp\/v2\/pages\/395\/revisions\/1433"}],"wp:attachment":[{"href":"https:\/\/luetzschenaer-kuenstlerkreis.de\/index.php?rest_route=%2Fwp%2Fv2%2Fmedia&parent=395"}],"curies":[{"name":"wp","href":"https:\/\/api.w.org\/{rel}","templated":true}]}}