{"id":465,"date":"2020-02-19T12:18:18","date_gmt":"2020-02-19T12:18:18","guid":{"rendered":"http:\/\/luetzschenaer-kuenstlerkreis.de\/?page_id=465"},"modified":"2020-02-19T12:22:09","modified_gmt":"2020-02-19T12:22:09","slug":"datenschutz","status":"publish","type":"page","link":"https:\/\/luetzschenaer-kuenstlerkreis.de\/?page_id=465","title":{"rendered":"Datenschutz"},"content":{"rendered":"<h2>Datenschutzerkl\u00e4rung:<br \/>\nDatenschutz<\/h2>\n<p>Nachfolgend m\u00f6chten wir Sie \u00fcber unsere Datenschutzerkl\u00e4rung informieren. Sie finden hier Informationen \u00fcber die Erhebung und Verwendung pers\u00f6nlicher Daten bei der Nutzung unserer Webseite. Wir beachten dabei das f\u00fcr Deutschland geltende Datenschutzrecht. Sie k\u00f6nnen diese Erkl\u00e4rung jederzeit auf unserer Webseite abrufen.<\/p>\n<p>Wir weisen ausdr\u00fccklich darauf hin, dass die Daten\u00fcbertragung im Internet (z.B. bei der Kommunikation per E-Mail) Sicherheitsl\u00fccken aufweisen und nicht l\u00fcckenlos vor dem Zugriff durch Dritte gesch\u00fctzt werden kann.<\/p>\n<p>Die Verwendung der Kontaktdaten unseres Impressums zur gewerblichen Werbung ist ausdr\u00fccklich nicht erw\u00fcnscht, es sei denn wir hatten zuvor unsere schriftliche Einwilligung erteilt oder es besteht bereits eine Gesch\u00e4ftsbeziehung. Der Anbieter und alle auf dieser Website genannten Personen widersprechen hiermit jeder kommerziellen Verwendung und Weitergabe ihrer Daten.<\/p>\n<h3>Personenbezogene Daten<\/h3>\n<p>Sie k\u00f6nnen unsere Webseite ohne Angabe personenbezogener Daten besuchen. Soweit auf unseren Seiten personenbezogene Daten (wie Name, Anschrift oder E-Mail Adresse) erhoben werden, erfolgt dies, soweit m\u00f6glich, auf freiwilliger Basis. Diese Daten werden ohne Ihre ausdr\u00fcckliche Zustimmung nicht an Dritte weitergegeben. Sofern zwischen Ihnen und uns ein Vertragsverh\u00e4ltnis begr\u00fcndet, inhaltlich ausgestaltet oder ge\u00e4ndert werden soll oder Sie an uns eine Anfrage stellen, erheben und verwenden wir personenbezogene Daten von Ihnen, soweit dies zu diesen Zwecken erforderlich ist (Bestandsdaten). Wir erheben, verarbeiten und nutzen personenbezogene Daten soweit dies erforderlich ist, um Ihnen die Inanspruchnahme des Webangebots zu erm\u00f6glichen (Nutzungsdaten). S\u00e4mtliche personenbezogenen Daten werden nur solange gespeichert wie dies f\u00fcr den genannten Zweck (Bearbeitung Ihrer Anfrage oder Abwicklung eines Vertrags) erforderlich ist. Hierbei werden steuer- und handelsrechtliche Aufbewahrungsfristen ber\u00fccksichtigt. Auf Anordnung der zust\u00e4ndigen Stellen d\u00fcrfen wir im Einzelfall Auskunft \u00fcber diese Daten (Bestandsdaten) erteilen, soweit dies f\u00fcr Zwecke der Strafverfolgung, zur Gefahrenabwehr, zur Erf\u00fcllung der gesetzlichen Aufgaben der Verfassungsschutzbeh\u00f6rden oder des Milit\u00e4rischen Abschirmdienstes oder zur Durchsetzung der Rechte am geistigen Eigentum erforderlich ist.<\/p>\n<h3>Kommentarfunktionen<\/h3>\n<p>Im Rahmen der Kommentarfunktion erheben wir personenbezogene Daten (z.B. Name, E-Mail) im Rahmen Ihrer Kommentierung zu einem Beitrag nur in dem Umfang wie Sie ihn uns mitgeteilt haben. Bei der Ver\u00f6ffentlichung eines Kommentars wird die von Ihnen angegebene Email-Adresse gespeichert, aber nicht ver\u00f6ffentlicht. Ihr Name wird ver\u00f6ffentlich, wenn Sie nicht unter Pseudonym geschrieben haben.<\/p>\n<h3>Datenschutzerkl\u00e4rung f\u00fcr das Facebook-Plugin (\u201eGef\u00e4llt mir\u201c)<\/h3>\n<p>Diese Webseite nutzt Plugins des Anbieters Facebook.com, welche durch das Unternehmen Facebook Inc., 1601 S. California Avenue, Palo Alto, CA 94304 in den USA bereitgestellt werden. Nutzer unserer Webseite, auf der das Facebook-Plugin (\u201eGef\u00e4llt mir\u201c-Button) installiert ist, werden hiermit darauf hingewiesen, dass durch das Plugin eine Verbindung zu Facebook aufgebaut wird, wodurch eine \u00dcbermittlung an Ihren Browser durchgef\u00fchrt wird, damit das Plugin auf der Webseite erscheint.<\/p>\n<p>Des Weiteren werden durch die Nutzung Daten an die Facebook-Server weitergeleitet, welche Informationen \u00fcber Ihre Webseitenbesuche auf unserer Homepage enthalten. Dies hat f\u00fcr eingeloggte Facebook-Nutzer zur Folge, dass die Nutzungsdaten Ihrem pers\u00f6nlichen Facebook-Account zugeordnet werden.<\/p>\n<p>Sobald Sie als eingeloggter Facebook-Nutzer aktiv das Facebook-Plugin nutzen (z.B. durch das Klicken auf den \u201eGef\u00e4llt mir\u201c Knopf oder die Nutzung der Kommentarfunktion), werden diese Daten zu Ihrem Facebook-Account \u00fcbertragen und ver\u00f6ffentlicht. Dies k\u00f6nnen Sie nur durch vorheriges Ausloggen aus Ihrem Facebook-Account umgehen.<\/p>\n<p>Weitere Information bez\u00fcglich der Datennutzung durch Facebook entnehmen Sie bitte den datenschutzrechtlichen Bestimmungen auf Facebook unter http:\/\/de-de.facebook.com\/policy.php.<\/p>\n<h3>Datenschutzerkl\u00e4rung f\u00fcr die Nutzung von dem Webmessagedienst twitter.com<\/h3>\n<p>Wir haben auf unserer Webseite auch den Webmessagedienst twitter.com integriert. Dieser wird durch die Twitter Inc., 1355 Market St, Suite 900, San Francisco, CA 94103, USA bereitgestellt. Twitter bietet die sog. \u201eTweet\u201c \u2013 Funktion an. Damit kann man 140 Zeichen lange Nachrichten auch mit Webseitenlinks in seinem eigenen Twitteraccount ver\u00f6ffentlichen. Wenn Sie die \u201eTweet\u201c-Funktion von Twitter auf unseren Webseiten nutzen, wird die jeweilige Webseite mit Ihrem Account auf Twitter verkn\u00fcpft und dort ggf. \u00f6ffentlich bekannt gegeben. Hierbei werden auch Daten an Twitter \u00fcbertragen.<\/p>\n<p>Von dem Inhalt der \u00fcbermittelten Daten und deren Nutzung durch Twitter erhalten wir keine Kenntnis. Konsultieren Sie daher f\u00fcr weitere Informationen die Datenschutzerkl\u00e4rung von Twitter: http:\/\/twitter.com\/privacy<\/p>\n<p>Twitter bietet Ihnen unter nachfolgendem Link die M\u00f6glichkeit, Ihre Datenschutzeinstellungen selbst festzulegen: http:\/\/twitter.com\/account\/settings.<\/p>\n<h3>Auskunftsrecht<\/h3>\n<p>Sie haben das jederzeitige Recht, sich unentgeltlich und unverz\u00fcglich \u00fcber die zu Ihrer Person erhobenen Daten zu erkundigen. Sie haben das jederzeitige Recht, Ihre Zustimmung zur Verwendung Ihrer angegeben pers\u00f6nlichen Daten mit Wirkung f\u00fcr die Zukunft zu widerrufen. Zur Auskunftserteilung wenden Sie sich bitte an den Anbieter unter den Kontaktdaten im Impressum.<\/p>\n<p class=\"abstand\">Quelle: www.impressum-recht.de<\/p>\n<h3>Haftung f\u00fcr Inhalte<\/h3>\n<p>Als Diensteanbieter bin ich gem\u00e4\u00df \u00a7 7 Abs.1 TMG f\u00fcr eigene Inhalte auf diesen Seiten nach den allgemeinen Gesetzen verantwortlich. Nach \u00a7\u00a7 8 bis 10 TMG bin ich als Diensteanbieter jedoch nicht verpflichtet, \u00fcbermittelte oder gespeicherte fremde Informationen zu \u00fcberwachen oder nach Umst\u00e4nden zu forschen, die auf eine rechtswidrige T\u00e4tigkeit hinweisen. Verpflichtungen zur Entfernung oder Sperrung der Nutzung von Informationen nach den allgemeinen Gesetzen bleiben hiervon unber\u00fchrt. Eine diesbez\u00fcgliche Haftung ist jedoch erst ab dem Zeitpunkt der Kenntnis einer konkreten Rechtsverletzung m\u00f6glich. Bei Bekanntwerden von entsprechenden Rechtsverletzungen werden wir diese Inhalte umgehend entfernen.<\/p>\n<h3>Haftung f\u00fcr Links<\/h3>\n<p>Mein Angebot kann Links zu externen Webseiten Dritter enhalten, auf deren Inhalte ich keinen Einfluss habe. Deshalb kann ich f\u00fcr diese fremden Inhalte auch keine Gew\u00e4hr \u00fcbernehmen. F\u00fcr die Inhalte der verlinkten Seiten ist stets der jeweilige Anbieter oder Betreiber der Seiten verantwortlich. Die verlinkten Seiten wurden zum Zeitpunkt der Verlinkung auf m\u00f6gliche Rechtsverst\u00f6\u00dfe \u00fcberpr\u00fcft. Rechtswidrige Inhalte waren zum Zeitpunkt der Verlinkung nicht erkennbar. Eine permanente inhaltliche Kontrolle der verlinkten Seiten ist jedoch ohne konkrete Anhaltspunkte einer Rechtsverletzung nicht zumutbar. Bei Bekanntwerden von Rechtsverletzungen werden wir derartige Links umgehend entfernen.<\/p>\n<h3>Urheberrecht<\/h3>\n<p>Die durch die Seitenbetreiber erstellten Inhalte und Werke auf diesen Seiten unterliegen dem deutschen Urheberrecht. Die Vervielf\u00e4ltigung, Bearbeitung, Verbreitung und jede Art der Verwertung au\u00dferhalb der Grenzen des Urheberrechtes bed\u00fcrfen der schriftlichen Zustimmung des jeweiligen Autors bzw. Erstellers. Downloads und Kopien dieser Seite sind nicht gestattet. Soweit die Inhalte auf dieser Seite nicht vom Betreiber erstellt wurden, werden die Urheberrechte Dritter beachtet. Insbesondere werden Inhalte Dritter als solche gekennzeichnet. Sollten Sie trotzdem auf eine Urheberrechtsverletzung aufmerksam werden, bitten wir um einen entsprechenden Hinweis. Bei Bekanntwerden von Rechtsverletzungen werden wir derartige Inhalte umgehend entfernen.<\/p>\n","protected":false},"excerpt":{"rendered":"<p>Datenschutzerkl\u00e4rung: Datenschutz Nachfolgend m\u00f6chten wir Sie \u00fcber unsere Datenschutzerkl\u00e4rung informieren. Sie finden hier Informationen \u00fcber die Erhebung und Verwendung pers\u00f6nlicher Daten bei der Nutzung unserer Webseite. Wir beachten dabei das f\u00fcr Deutschland geltende Datenschutzrecht. Sie k\u00f6nnen diese Erkl\u00e4rung jederzeit auf unserer Webseite abrufen. Wir weisen ausdr\u00fccklich darauf hin, dass die Daten\u00fcbertragung im Internet (z.B. bei [&hellip;]<\/p>\n","protected":false},"author":1,"featured_media":0,"parent":0,"menu_order":0,"comment_status":"closed","ping_status":"closed","template":"","meta":{"footnotes":""},"class_list":["post-465","page","type-page","status-publish","hentry"],"_links":{"self":[{"href":"https:\/\/luetzschenaer-kuenstlerkreis.de\/index.php?rest_route=\/wp\/v2\/pages\/465","targetHints":{"allow":["GET"]}}],"collection":[{"href":"https:\/\/luetzschenaer-kuenstlerkreis.de\/index.php?rest_route=\/wp\/v2\/pages"}],"about":[{"href":"https:\/\/luetzschenaer-kuenstlerkreis.de\/index.php?rest_route=\/wp\/v2\/types\/page"}],"author":[{"embeddable":true,"href":"https:\/\/luetzschenaer-kuenstlerkreis.de\/index.php?rest_route=\/wp\/v2\/users\/1"}],"replies":[{"embeddable":true,"href":"https:\/\/luetzschenaer-kuenstlerkreis.de\/index.php?rest_route=%2Fwp%2Fv2%2Fcomments&post=465"}],"version-history":[{"count":2,"href":"https:\/\/luetzschenaer-kuenstlerkreis.de\/index.php?rest_route=\/wp\/v2\/pages\/465\/revisions"}],"predecessor-version":[{"id":475,"href":"https:\/\/luetzschenaer-kuenstlerkreis.de\/index.php?rest_route=\/wp\/v2\/pages\/465\/revisions\/475"}],"wp:attachment":[{"href":"https:\/\/luetzschenaer-kuenstlerkreis.de\/index.php?rest_route=%2Fwp%2Fv2%2Fmedia&parent=465"}],"curies":[{"name":"wp","href":"https:\/\/api.w.org\/{rel}","templated":true}]}}