{"id":575,"date":"2026-04-06T17:19:37","date_gmt":"2026-04-06T17:19:37","guid":{"rendered":"http:\/\/luetzschenaer-kuenstlerkreis.de\/?page_id=575"},"modified":"2026-04-14T08:14:10","modified_gmt":"2026-04-14T08:14:10","slug":"regina-brueckner-kunstwerke","status":"publish","type":"page","link":"https:\/\/luetzschenaer-kuenstlerkreis.de\/?page_id=575","title":{"rendered":"Regina Br\u00fcckner Kunstwerke"},"content":{"rendered":"<h3><strong>T\u00d6PFERARBEITEN<\/strong><\/h3>\n<p>Gef\u00e4\u00dfe mit Kristallglasuren<\/p>\n\n\n<figure class=\"wp-block-gallery has-nested-images columns-default is-cropped wp-block-gallery-1 is-layout-flex wp-block-gallery-is-layout-flex\">\n<figure class=\"wp-block-image size-large\"><img loading=\"lazy\" decoding=\"async\" width=\"576\" height=\"1024\" data-id=\"1534\" src=\"https:\/\/luetzschenaer-kuenstlerkreis.de\/wp-content\/uploads\/2026\/04\/20250107_132715-576x1024.jpg\" alt=\"\" class=\"wp-image-1534\" srcset=\"https:\/\/luetzschenaer-kuenstlerkreis.de\/wp-content\/uploads\/2026\/04\/20250107_132715-576x1024.jpg 576w, https:\/\/luetzschenaer-kuenstlerkreis.de\/wp-content\/uploads\/2026\/04\/20250107_132715-169x300.jpg 169w, https:\/\/luetzschenaer-kuenstlerkreis.de\/wp-content\/uploads\/2026\/04\/20250107_132715-768x1365.jpg 768w, https:\/\/luetzschenaer-kuenstlerkreis.de\/wp-content\/uploads\/2026\/04\/20250107_132715-864x1536.jpg 864w, https:\/\/luetzschenaer-kuenstlerkreis.de\/wp-content\/uploads\/2026\/04\/20250107_132715-1152x2048.jpg 1152w, https:\/\/luetzschenaer-kuenstlerkreis.de\/wp-content\/uploads\/2026\/04\/20250107_132715-1240x2204.jpg 1240w, https:\/\/luetzschenaer-kuenstlerkreis.de\/wp-content\/uploads\/2026\/04\/20250107_132715-508x903.jpg 508w, https:\/\/luetzschenaer-kuenstlerkreis.de\/wp-content\/uploads\/2026\/04\/20250107_132715-scaled.jpg 1440w\" sizes=\"auto, (max-width: 576px) 100vw, 576px\" \/><\/figure>\n\n\n\n<figure class=\"wp-block-image size-large\"><img loading=\"lazy\" decoding=\"async\" width=\"1024\" height=\"683\" data-id=\"1535\" src=\"https:\/\/luetzschenaer-kuenstlerkreis.de\/wp-content\/uploads\/2026\/04\/Regina-Keramikkunst-Regina-Brueckner-W_42-1024x683.jpg\" alt=\"\" class=\"wp-image-1535\" srcset=\"https:\/\/luetzschenaer-kuenstlerkreis.de\/wp-content\/uploads\/2026\/04\/Regina-Keramikkunst-Regina-Brueckner-W_42-1024x683.jpg 1024w, https:\/\/luetzschenaer-kuenstlerkreis.de\/wp-content\/uploads\/2026\/04\/Regina-Keramikkunst-Regina-Brueckner-W_42-300x200.jpg 300w, https:\/\/luetzschenaer-kuenstlerkreis.de\/wp-content\/uploads\/2026\/04\/Regina-Keramikkunst-Regina-Brueckner-W_42-768x512.jpg 768w, https:\/\/luetzschenaer-kuenstlerkreis.de\/wp-content\/uploads\/2026\/04\/Regina-Keramikkunst-Regina-Brueckner-W_42-1536x1025.jpg 1536w, https:\/\/luetzschenaer-kuenstlerkreis.de\/wp-content\/uploads\/2026\/04\/Regina-Keramikkunst-Regina-Brueckner-W_42-1240x827.jpg 1240w, https:\/\/luetzschenaer-kuenstlerkreis.de\/wp-content\/uploads\/2026\/04\/Regina-Keramikkunst-Regina-Brueckner-W_42-508x339.jpg 508w, https:\/\/luetzschenaer-kuenstlerkreis.de\/wp-content\/uploads\/2026\/04\/Regina-Keramikkunst-Regina-Brueckner-W_42.jpg 2048w\" sizes=\"auto, (max-width: 1024px) 100vw, 1024px\" \/><\/figure>\n\n\n\n<figure class=\"wp-block-image size-large\"><img loading=\"lazy\" decoding=\"async\" width=\"1024\" height=\"683\" data-id=\"1537\" src=\"https:\/\/luetzschenaer-kuenstlerkreis.de\/wp-content\/uploads\/2026\/04\/Regina-Keramikkunst-Regina-Brueckner-W_52-1024x683.jpg\" alt=\"\" class=\"wp-image-1537\" srcset=\"https:\/\/luetzschenaer-kuenstlerkreis.de\/wp-content\/uploads\/2026\/04\/Regina-Keramikkunst-Regina-Brueckner-W_52-1024x683.jpg 1024w, https:\/\/luetzschenaer-kuenstlerkreis.de\/wp-content\/uploads\/2026\/04\/Regina-Keramikkunst-Regina-Brueckner-W_52-300x200.jpg 300w, https:\/\/luetzschenaer-kuenstlerkreis.de\/wp-content\/uploads\/2026\/04\/Regina-Keramikkunst-Regina-Brueckner-W_52-768x512.jpg 768w, https:\/\/luetzschenaer-kuenstlerkreis.de\/wp-content\/uploads\/2026\/04\/Regina-Keramikkunst-Regina-Brueckner-W_52-1536x1025.jpg 1536w, https:\/\/luetzschenaer-kuenstlerkreis.de\/wp-content\/uploads\/2026\/04\/Regina-Keramikkunst-Regina-Brueckner-W_52-1240x827.jpg 1240w, https:\/\/luetzschenaer-kuenstlerkreis.de\/wp-content\/uploads\/2026\/04\/Regina-Keramikkunst-Regina-Brueckner-W_52-508x339.jpg 508w, https:\/\/luetzschenaer-kuenstlerkreis.de\/wp-content\/uploads\/2026\/04\/Regina-Keramikkunst-Regina-Brueckner-W_52.jpg 2048w\" sizes=\"auto, (max-width: 1024px) 100vw, 1024px\" \/><\/figure>\n<\/figure>\n\n\n<p>Keramiken mit Rakubrenntechnik<\/p>\n\n\n<figure class=\"wp-block-gallery has-nested-images columns-default is-cropped wp-block-gallery-2 is-layout-flex wp-block-gallery-is-layout-flex\">\n<figure class=\"wp-block-image size-large\"><img loading=\"lazy\" decoding=\"async\" width=\"576\" height=\"1024\" data-id=\"1538\" src=\"https:\/\/luetzschenaer-kuenstlerkreis.de\/wp-content\/uploads\/2026\/04\/20250107_125443-576x1024.jpg\" alt=\"\" class=\"wp-image-1538\" srcset=\"https:\/\/luetzschenaer-kuenstlerkreis.de\/wp-content\/uploads\/2026\/04\/20250107_125443-576x1024.jpg 576w, https:\/\/luetzschenaer-kuenstlerkreis.de\/wp-content\/uploads\/2026\/04\/20250107_125443-169x300.jpg 169w, https:\/\/luetzschenaer-kuenstlerkreis.de\/wp-content\/uploads\/2026\/04\/20250107_125443-768x1365.jpg 768w, https:\/\/luetzschenaer-kuenstlerkreis.de\/wp-content\/uploads\/2026\/04\/20250107_125443-864x1536.jpg 864w, https:\/\/luetzschenaer-kuenstlerkreis.de\/wp-content\/uploads\/2026\/04\/20250107_125443-1152x2048.jpg 1152w, https:\/\/luetzschenaer-kuenstlerkreis.de\/wp-content\/uploads\/2026\/04\/20250107_125443-1240x2204.jpg 1240w, https:\/\/luetzschenaer-kuenstlerkreis.de\/wp-content\/uploads\/2026\/04\/20250107_125443-508x903.jpg 508w, https:\/\/luetzschenaer-kuenstlerkreis.de\/wp-content\/uploads\/2026\/04\/20250107_125443-scaled.jpg 1440w\" sizes=\"auto, (max-width: 576px) 100vw, 576px\" \/><\/figure>\n\n\n\n<figure class=\"wp-block-image size-large\"><img loading=\"lazy\" decoding=\"async\" width=\"1024\" height=\"683\" data-id=\"1539\" src=\"https:\/\/luetzschenaer-kuenstlerkreis.de\/wp-content\/uploads\/2026\/04\/Regina-Keramikkunst-Regina-Brueckner-We_7-1024x683.jpg\" alt=\"\" class=\"wp-image-1539\" srcset=\"https:\/\/luetzschenaer-kuenstlerkreis.de\/wp-content\/uploads\/2026\/04\/Regina-Keramikkunst-Regina-Brueckner-We_7-1024x683.jpg 1024w, https:\/\/luetzschenaer-kuenstlerkreis.de\/wp-content\/uploads\/2026\/04\/Regina-Keramikkunst-Regina-Brueckner-We_7-300x200.jpg 300w, https:\/\/luetzschenaer-kuenstlerkreis.de\/wp-content\/uploads\/2026\/04\/Regina-Keramikkunst-Regina-Brueckner-We_7-768x512.jpg 768w, https:\/\/luetzschenaer-kuenstlerkreis.de\/wp-content\/uploads\/2026\/04\/Regina-Keramikkunst-Regina-Brueckner-We_7-1536x1025.jpg 1536w, https:\/\/luetzschenaer-kuenstlerkreis.de\/wp-content\/uploads\/2026\/04\/Regina-Keramikkunst-Regina-Brueckner-We_7-1240x827.jpg 1240w, https:\/\/luetzschenaer-kuenstlerkreis.de\/wp-content\/uploads\/2026\/04\/Regina-Keramikkunst-Regina-Brueckner-We_7-508x339.jpg 508w, https:\/\/luetzschenaer-kuenstlerkreis.de\/wp-content\/uploads\/2026\/04\/Regina-Keramikkunst-Regina-Brueckner-We_7.jpg 2048w\" sizes=\"auto, (max-width: 1024px) 100vw, 1024px\" \/><\/figure>\n<\/figure>\n\n\n\n<hr class=\"wp-block-separator has-alpha-channel-opacity\"\/>\n\n\n<h3><strong>MALEREI<\/strong><\/h3>\n<p>Ton auf Papier<\/p>\n\n\n<figure class=\"wp-block-gallery has-nested-images columns-default is-cropped wp-block-gallery-3 is-layout-flex wp-block-gallery-is-layout-flex\">\n<figure class=\"wp-block-image size-large\"><img loading=\"lazy\" decoding=\"async\" width=\"829\" height=\"1024\" data-id=\"1541\" src=\"https:\/\/luetzschenaer-kuenstlerkreis.de\/wp-content\/uploads\/2026\/04\/Regina-Keramikkunst-Regina-Brueckner-We_19-829x1024.jpg\" alt=\"\" class=\"wp-image-1541\" srcset=\"https:\/\/luetzschenaer-kuenstlerkreis.de\/wp-content\/uploads\/2026\/04\/Regina-Keramikkunst-Regina-Brueckner-We_19-829x1024.jpg 829w, https:\/\/luetzschenaer-kuenstlerkreis.de\/wp-content\/uploads\/2026\/04\/Regina-Keramikkunst-Regina-Brueckner-We_19-243x300.jpg 243w, https:\/\/luetzschenaer-kuenstlerkreis.de\/wp-content\/uploads\/2026\/04\/Regina-Keramikkunst-Regina-Brueckner-We_19-768x949.jpg 768w, https:\/\/luetzschenaer-kuenstlerkreis.de\/wp-content\/uploads\/2026\/04\/Regina-Keramikkunst-Regina-Brueckner-We_19-1244x1536.jpg 1244w, https:\/\/luetzschenaer-kuenstlerkreis.de\/wp-content\/uploads\/2026\/04\/Regina-Keramikkunst-Regina-Brueckner-We_19-1240x1532.jpg 1240w, https:\/\/luetzschenaer-kuenstlerkreis.de\/wp-content\/uploads\/2026\/04\/Regina-Keramikkunst-Regina-Brueckner-We_19-508x627.jpg 508w, https:\/\/luetzschenaer-kuenstlerkreis.de\/wp-content\/uploads\/2026\/04\/Regina-Keramikkunst-Regina-Brueckner-We_19.jpg 1658w\" sizes=\"auto, (max-width: 829px) 100vw, 829px\" \/><\/figure>\n\n\n\n<figure class=\"wp-block-image size-large\"><img loading=\"lazy\" decoding=\"async\" width=\"1024\" height=\"683\" data-id=\"1543\" src=\"https:\/\/luetzschenaer-kuenstlerkreis.de\/wp-content\/uploads\/2026\/04\/Regina-Keramikkunst-Regina-Brueckner-W_1-1024x683.jpg\" alt=\"\" class=\"wp-image-1543\" srcset=\"https:\/\/luetzschenaer-kuenstlerkreis.de\/wp-content\/uploads\/2026\/04\/Regina-Keramikkunst-Regina-Brueckner-W_1-1024x683.jpg 1024w, https:\/\/luetzschenaer-kuenstlerkreis.de\/wp-content\/uploads\/2026\/04\/Regina-Keramikkunst-Regina-Brueckner-W_1-300x200.jpg 300w, https:\/\/luetzschenaer-kuenstlerkreis.de\/wp-content\/uploads\/2026\/04\/Regina-Keramikkunst-Regina-Brueckner-W_1-768x512.jpg 768w, https:\/\/luetzschenaer-kuenstlerkreis.de\/wp-content\/uploads\/2026\/04\/Regina-Keramikkunst-Regina-Brueckner-W_1-1536x1025.jpg 1536w, https:\/\/luetzschenaer-kuenstlerkreis.de\/wp-content\/uploads\/2026\/04\/Regina-Keramikkunst-Regina-Brueckner-W_1-1240x827.jpg 1240w, https:\/\/luetzschenaer-kuenstlerkreis.de\/wp-content\/uploads\/2026\/04\/Regina-Keramikkunst-Regina-Brueckner-W_1-508x339.jpg 508w, https:\/\/luetzschenaer-kuenstlerkreis.de\/wp-content\/uploads\/2026\/04\/Regina-Keramikkunst-Regina-Brueckner-W_1.jpg 2048w\" sizes=\"auto, (max-width: 1024px) 100vw, 1024px\" \/><\/figure>\n\n\n\n<figure class=\"wp-block-image size-large\"><img loading=\"lazy\" decoding=\"async\" width=\"744\" height=\"1024\" data-id=\"1542\" src=\"https:\/\/luetzschenaer-kuenstlerkreis.de\/wp-content\/uploads\/2026\/04\/Regina-Keramikkunst-Regina-Brueckner-Dr_20-744x1024.jpg\" alt=\"\" class=\"wp-image-1542\" srcset=\"https:\/\/luetzschenaer-kuenstlerkreis.de\/wp-content\/uploads\/2026\/04\/Regina-Keramikkunst-Regina-Brueckner-Dr_20-744x1024.jpg 744w, https:\/\/luetzschenaer-kuenstlerkreis.de\/wp-content\/uploads\/2026\/04\/Regina-Keramikkunst-Regina-Brueckner-Dr_20-218x300.jpg 218w, https:\/\/luetzschenaer-kuenstlerkreis.de\/wp-content\/uploads\/2026\/04\/Regina-Keramikkunst-Regina-Brueckner-Dr_20-768x1057.jpg 768w, https:\/\/luetzschenaer-kuenstlerkreis.de\/wp-content\/uploads\/2026\/04\/Regina-Keramikkunst-Regina-Brueckner-Dr_20-1117x1536.jpg 1117w, https:\/\/luetzschenaer-kuenstlerkreis.de\/wp-content\/uploads\/2026\/04\/Regina-Keramikkunst-Regina-Brueckner-Dr_20-1489x2048.jpg 1489w, https:\/\/luetzschenaer-kuenstlerkreis.de\/wp-content\/uploads\/2026\/04\/Regina-Keramikkunst-Regina-Brueckner-Dr_20-1240x1706.jpg 1240w, https:\/\/luetzschenaer-kuenstlerkreis.de\/wp-content\/uploads\/2026\/04\/Regina-Keramikkunst-Regina-Brueckner-Dr_20-508x699.jpg 508w, https:\/\/luetzschenaer-kuenstlerkreis.de\/wp-content\/uploads\/2026\/04\/Regina-Keramikkunst-Regina-Brueckner-Dr_20-scaled.jpg 1861w\" sizes=\"auto, (max-width: 744px) 100vw, 744px\" \/><\/figure>\n<\/figure>\n\n\n<p>&nbsp;<\/p>\n<p>Seelenbilder\u00a0auf gerissene Seide<\/p>\n\n\n<figure class=\"wp-block-gallery has-nested-images columns-default is-cropped wp-block-gallery-4 is-layout-flex wp-block-gallery-is-layout-flex\">\n<figure class=\"wp-block-image size-large\"><img loading=\"lazy\" decoding=\"async\" width=\"650\" height=\"550\" data-id=\"1544\" src=\"https:\/\/luetzschenaer-kuenstlerkreis.de\/wp-content\/uploads\/2026\/04\/3-Illusion-40cmx33-cm.jpg\" alt=\"Illusion 40cmx33 cm\" class=\"wp-image-1544\" srcset=\"https:\/\/luetzschenaer-kuenstlerkreis.de\/wp-content\/uploads\/2026\/04\/3-Illusion-40cmx33-cm.jpg 650w, https:\/\/luetzschenaer-kuenstlerkreis.de\/wp-content\/uploads\/2026\/04\/3-Illusion-40cmx33-cm-300x254.jpg 300w, https:\/\/luetzschenaer-kuenstlerkreis.de\/wp-content\/uploads\/2026\/04\/3-Illusion-40cmx33-cm-508x430.jpg 508w\" sizes=\"auto, (max-width: 650px) 100vw, 650px\" \/><\/figure>\n\n\n\n<figure class=\"wp-block-image size-large\"><img loading=\"lazy\" decoding=\"async\" width=\"653\" height=\"575\" data-id=\"1545\" src=\"https:\/\/luetzschenaer-kuenstlerkreis.de\/wp-content\/uploads\/2026\/04\/13-Energie-49cmx42cm.jpg\" alt=\"Energie 49cmx42cm\" class=\"wp-image-1545\" srcset=\"https:\/\/luetzschenaer-kuenstlerkreis.de\/wp-content\/uploads\/2026\/04\/13-Energie-49cmx42cm.jpg 653w, https:\/\/luetzschenaer-kuenstlerkreis.de\/wp-content\/uploads\/2026\/04\/13-Energie-49cmx42cm-300x264.jpg 300w, https:\/\/luetzschenaer-kuenstlerkreis.de\/wp-content\/uploads\/2026\/04\/13-Energie-49cmx42cm-508x447.jpg 508w\" sizes=\"auto, (max-width: 653px) 100vw, 653px\" \/><\/figure>\n<\/figure>\n","protected":false},"excerpt":{"rendered":"<p>T\u00d6PFERARBEITEN Gef\u00e4\u00dfe mit Kristallglasuren Keramiken mit Rakubrenntechnik MALEREI Ton auf Papier &nbsp; Seelenbilder\u00a0auf gerissene Seide<\/p>\n","protected":false},"author":1,"featured_media":0,"parent":0,"menu_order":0,"comment_status":"closed","ping_status":"closed","template":"","meta":{"footnotes":""},"class_list":["post-575","page","type-page","status-publish","hentry"],"_links":{"self":[{"href":"https:\/\/luetzschenaer-kuenstlerkreis.de\/index.php?rest_route=\/wp\/v2\/pages\/575","targetHints":{"allow":["GET"]}}],"collection":[{"href":"https:\/\/luetzschenaer-kuenstlerkreis.de\/index.php?rest_route=\/wp\/v2\/pages"}],"about":[{"href":"https:\/\/luetzschenaer-kuenstlerkreis.de\/index.php?rest_route=\/wp\/v2\/types\/page"}],"author":[{"embeddable":true,"href":"https:\/\/luetzschenaer-kuenstlerkreis.de\/index.php?rest_route=\/wp\/v2\/users\/1"}],"replies":[{"embeddable":true,"href":"https:\/\/luetzschenaer-kuenstlerkreis.de\/index.php?rest_route=%2Fwp%2Fv2%2Fcomments&post=575"}],"version-history":[{"count":7,"href":"https:\/\/luetzschenaer-kuenstlerkreis.de\/index.php?rest_route=\/wp\/v2\/pages\/575\/revisions"}],"predecessor-version":[{"id":1547,"href":"https:\/\/luetzschenaer-kuenstlerkreis.de\/index.php?rest_route=\/wp\/v2\/pages\/575\/revisions\/1547"}],"wp:attachment":[{"href":"https:\/\/luetzschenaer-kuenstlerkreis.de\/index.php?rest_route=%2Fwp%2Fv2%2Fmedia&parent=575"}],"curies":[{"name":"wp","href":"https:\/\/api.w.org\/{rel}","templated":true}]}}